{"id":1092,"date":"2023-12-19T23:42:34","date_gmt":"2023-12-20T07:42:34","guid":{"rendered":"https:\/\/topmontessoris.com\/?page_id=1092"},"modified":"2025-01-23T19:50:53","modified_gmt":"2025-01-24T03:50:53","slug":"mobili-per-la-scuola-dellinfanzia","status":"publish","type":"page","link":"https:\/\/topmontessoris.com\/it\/mobili-per-la-scuola-dellinfanzia\/","title":{"rendered":"Mobili per la scuola dell'infanzia"},"content":{"rendered":"<div data-elementor-type=\"wp-page\" data-elementor-id=\"1092\" class=\"elementor elementor-1092\" data-elementor-post-type=\"page\">\n\t\t\t\t\t\t<section class=\"elementor-section elementor-top-section elementor-element elementor-element-4278d908 elementor-section-full_width elementor-section-height-min-height elementor-section-height-default elementor-section-items-middle\" data-id=\"4278d908\" data-element_type=\"section\" data-e-type=\"section\" data-settings=\"{&quot;background_background&quot;:&quot;classic&quot;,&quot;ekit_has_onepagescroll_dot&quot;:&quot;yes&quot;}\">\n\t\t\t\t\t\t\t<div class=\"elementor-background-overlay\"><\/div>\n\t\t\t\t\t\t\t<div class=\"elementor-container elementor-column-gap-no\">\n\t\t\t\t\t<div class=\"elementor-column elementor-col-100 elementor-top-column elementor-element elementor-element-756e0f67\" data-id=\"756e0f67\" data-element_type=\"column\" data-e-type=\"column\">\n\t\t\t<div class=\"elementor-widget-wrap elementor-element-populated\">\n\t\t\t\t\t\t<div class=\"elementor-element elementor-element-34e79698 elementor-icon-list--layout-inline elementor-list-item-link-full_width elementor-widget elementor-widget-icon-list\" data-id=\"34e79698\" data-element_type=\"widget\" data-e-type=\"widget\" data-settings=\"{&quot;ekit_we_effect_on&quot;:&quot;none&quot;}\" data-widget_type=\"icon-list.default\">\n\t\t\t\t<div class=\"elementor-widget-container\">\n\t\t\t\t\t\t\t<ul class=\"elementor-icon-list-items elementor-inline-items\">\n\t\t\t\t\t\t\t<li class=\"elementor-icon-list-item elementor-inline-item\">\n\t\t\t\t\t\t\t\t\t\t\t<a href=\"https:\/\/topmontessoris.com\/it\">\n\n\t\t\t\t\t\t\t\t\t\t\t<span class=\"elementor-icon-list-text\">Casa<\/span>\n\t\t\t\t\t\t\t\t\t\t\t<\/a>\n\t\t\t\t\t\t\t\t\t<\/li>\n\t\t\t\t\t\t\t\t<li class=\"elementor-icon-list-item elementor-inline-item\">\n\t\t\t\t\t\t\t\t\t\t\t<span class=\"elementor-icon-list-icon\">\n\t\t\t\t\t\t\t<svg aria-hidden=\"true\" class=\"e-font-icon-svg e-fas-angle-right\" viewbox=\"0 0 256 512\" xmlns=\"http:\/\/www.w3.org\/2000\/svg\"><path d=\"M224.3 273l-136 136c-9.4 9.4-24.6 9.4-33.9 0l-22.6-22.6c-9.4-9.4-9.4-24.6 0-33.9l96.4-96.4-96.4-96.4c-9.4-9.4-9.4-24.6 0-33.9L54.3 103c9.4-9.4 24.6-9.4 33.9 0l136 136c9.5 9.4 9.5 24.6.1 34z\"><\/path><\/svg>\t\t\t\t\t\t<\/span>\n\t\t\t\t\t\t\t\t\t\t<span class=\"elementor-icon-list-text\">Mobili per la scuola dell'infanzia<\/span>\n\t\t\t\t\t\t\t\t\t<\/li>\n\t\t\t\t\t\t<\/ul>\n\t\t\t\t\t\t<\/div>\n\t\t\t\t<\/div>\n\t\t\t\t<div class=\"elementor-element elementor-element-24e0e707 elementor-widget__width-initial elementor-widget elementor-widget-heading\" data-id=\"24e0e707\" data-element_type=\"widget\" data-e-type=\"widget\" data-settings=\"{&quot;ekit_we_effect_on&quot;:&quot;none&quot;}\" data-widget_type=\"heading.default\">\n\t\t\t\t<div class=\"elementor-widget-container\">\n\t\t\t\t\t<h1 class=\"elementor-heading-title elementor-size-default\">Mobili per la scuola dell'infanzia<\/h1>\t\t\t\t<\/div>\n\t\t\t\t<\/div>\n\t\t\t\t<div class=\"elementor-element elementor-element-e46ec95 elementor-widget-divider--view-line elementor-widget elementor-widget-divider\" data-id=\"e46ec95\" data-element_type=\"widget\" data-e-type=\"widget\" data-settings=\"{&quot;ekit_we_effect_on&quot;:&quot;none&quot;}\" data-widget_type=\"divider.default\">\n\t\t\t\t<div class=\"elementor-widget-container\">\n\t\t\t\t\t\t\t<div class=\"elementor-divider\">\n\t\t\t<span class=\"elementor-divider-separator\">\n\t\t\t\t\t\t<\/span>\n\t\t<\/div>\n\t\t\t\t\t\t<\/div>\n\t\t\t\t<\/div>\n\t\t\t\t<div class=\"elementor-element elementor-element-3a5d73f4 elementor-widget__width-initial elementor-widget elementor-widget-text-editor\" data-id=\"3a5d73f4\" data-element_type=\"widget\" data-e-type=\"widget\" data-settings=\"{&quot;ekit_we_effect_on&quot;:&quot;none&quot;}\" data-widget_type=\"text-editor.default\">\n\t\t\t\t<div class=\"elementor-widget-container\">\n\t\t\t\t\t\t\t\t\t<p>Scoprite le ultime novit\u00e0 in materia di educazione prescolare, il design innovativo delle aule e i mobili e i giocattoli di alta qualit\u00e0 con TOP Montessoris.<\/p>\t\t\t\t\t\t\t\t<\/div>\n\t\t\t\t<\/div>\n\t\t\t\t\t<\/div>\n\t\t<\/div>\n\t\t\t\t\t<\/div>\n\t\t<\/section>\n\t\t\t\t<section class=\"elementor-section elementor-top-section elementor-element elementor-element-70b568bc elementor-section-boxed elementor-section-height-default elementor-section-height-default\" data-id=\"70b568bc\" data-element_type=\"section\" data-e-type=\"section\" data-settings=\"{&quot;background_background&quot;:&quot;classic&quot;,&quot;ekit_has_onepagescroll_dot&quot;:&quot;yes&quot;}\">\n\t\t\t\t\t\t<div class=\"elementor-container elementor-column-gap-default\">\n\t\t\t\t\t<div class=\"elementor-column elementor-col-100 elementor-top-column elementor-element elementor-element-f3453ab\" data-id=\"f3453ab\" data-element_type=\"column\" data-e-type=\"column\">\n\t\t\t<div class=\"elementor-widget-wrap elementor-element-populated\">\n\t\t\t\t\t\t<div class=\"elementor-element elementor-element-2ee0c11d elementor-widget elementor-widget-heading\" data-id=\"2ee0c11d\" data-element_type=\"widget\" data-e-type=\"widget\" data-settings=\"{&quot;ekit_we_effect_on&quot;:&quot;none&quot;}\" data-widget_type=\"heading.default\">\n\t\t\t\t<div class=\"elementor-widget-container\">\n\t\t\t\t\t<div class=\"elementor-heading-title elementor-size-default\">Mobili per aule prescolari<\/div>\t\t\t\t<\/div>\n\t\t\t\t<\/div>\n\t\t\t\t<div class=\"elementor-element elementor-element-420ea82d elementor-widget elementor-widget-elementskit-heading\" data-id=\"420ea82d\" data-element_type=\"widget\" data-e-type=\"widget\" data-settings=\"{&quot;ekit_we_effect_on&quot;:&quot;none&quot;}\" data-widget_type=\"elementskit-heading.default\">\n\t\t\t\t<div class=\"elementor-widget-container\">\n\t\t\t\t\t<div class=\"ekit-wid-con\" ><div class=\"ekit-heading elementskit-section-title-wraper text_center   ekit_heading_tablet-   ekit_heading_mobile-\"><h2 class=\"ekit-heading--title elementskit-section-title\">Esplorare <span><span>Premio<\/span><\/span> Mobili per la scuola dell'infanzia<\/h2>\t\t\t\t<div class='ekit-heading__description'>\n\t\t\t\t\t<p>Scopri arredi di alta qualit\u00e0 per le aule prescolari, tra cui sedie, tavoli, scaffali, armadietti, credenze e molto altro, pensati per creare ambienti di apprendimento prescolare funzionali e stimolanti.<\/p>\n\t\t\t\t<\/div>\n\t\t\t<\/div><\/div>\t\t\t\t<\/div>\n\t\t\t\t<\/div>\n\t\t\t\t<section class=\"elementor-section elementor-inner-section elementor-element elementor-element-108f7403 elementor-section-full_width elementor-section-height-default elementor-section-height-default\" data-id=\"108f7403\" data-element_type=\"section\" data-e-type=\"section\" data-settings=\"{&quot;ekit_has_onepagescroll_dot&quot;:&quot;yes&quot;}\">\n\t\t\t\t\t\t<div class=\"elementor-container elementor-column-gap-default\">\n\t\t\t\t\t<div class=\"elementor-column elementor-col-25 elementor-inner-column elementor-element elementor-element-37a5f9ea\" data-id=\"37a5f9ea\" data-element_type=\"column\" data-e-type=\"column\">\n\t\t\t<div class=\"elementor-widget-wrap elementor-element-populated\">\n\t\t\t\t\t\t<div class=\"elementor-element elementor-element-734e61ad ekit-equal-height-disable elementor-widget elementor-widget-elementskit-image-box\" data-id=\"734e61ad\" data-element_type=\"widget\" data-e-type=\"widget\" data-settings=\"{&quot;ekit_we_effect_on&quot;:&quot;none&quot;}\" data-widget_type=\"elementskit-image-box.default\">\n\t\t\t\t<div class=\"elementor-widget-container\">\n\t\t\t\t\t<div class=\"ekit-wid-con\" >\n            <div class=\"elementskit-info-image-box ekit-image-box text-left style-sideline\" >\n\n                \n                <div class=\"elementskit-box-header image-box-img-left\">\n\n                    <img fetchpriority=\"high\" decoding=\"async\" width=\"950\" height=\"750\" src=\"https:\/\/topmontessoris.com\/wp-content\/uploads\/2025\/01\/preschool-table.webp\" class=\"attachment-full size-full wp-image-8260\" alt=\"tavolo prescolare\" srcset=\"https:\/\/topmontessoris.com\/wp-content\/uploads\/2025\/01\/preschool-table.webp 950w, https:\/\/topmontessoris.com\/wp-content\/uploads\/2025\/01\/preschool-table-300x237.webp 300w, https:\/\/topmontessoris.com\/wp-content\/uploads\/2025\/01\/preschool-table-768x606.webp 768w\" sizes=\"(max-width: 950px) 100vw, 950px\" title=\"\">\n                <\/div>\n                \n                <div class=\"elementskit-box-body ekit-image-box-body\">\n                    <div class=\"elementskit-box-content ekit-image-box-body-inner\">\n                                                <h3 class=\"elementskit-info-box-title\">\n\n                        Tavoli e scrivanie per la scuola dell'infanzia\n                        \n                    <\/h3>\n                                                            <div class=\"elementskit-box-style-content\">\n                        Tavoli e scrivanie di alta qualit\u00e0 progettati per il comfort e la funzionalit\u00e0, perfetti per creare ambienti di apprendimento organizzati e coinvolgenti per i bambini.\n\n                    <\/div>\n                                    <\/div>\n\n                                <div class=\"elementskit-box-footer\">\n                    <div class=\"box-footer\">\n                        <div class=\"btn-wraper\">\n                                                            <a href=\"#elementor-action%3Aaction%3Dpopup%3Aopen%26settings%3DeyJpZCI6IjQ0NzYiLCJ0b2dnbGUiOmZhbHNlfQ%3D%3D\" class=\"elementskit-btn whitespace--normal\">\n                                    \n                                    \n                                    Per saperne di pi\u00f9                                <\/a>\n                                                        <\/div>\n                    <\/div>\n                <\/div>\n                            <\/div>\n            <\/div>\n    <\/div>\t\t\t\t<\/div>\n\t\t\t\t<\/div>\n\t\t\t\t\t<\/div>\n\t\t<\/div>\n\t\t\t\t<div class=\"elementor-column elementor-col-25 elementor-inner-column elementor-element elementor-element-a4a7446\" data-id=\"a4a7446\" data-element_type=\"column\" data-e-type=\"column\">\n\t\t\t<div class=\"elementor-widget-wrap elementor-element-populated\">\n\t\t\t\t\t\t<div class=\"elementor-element elementor-element-7b5f503 ekit-equal-height-disable elementor-widget elementor-widget-elementskit-image-box\" data-id=\"7b5f503\" data-element_type=\"widget\" data-e-type=\"widget\" data-settings=\"{&quot;ekit_we_effect_on&quot;:&quot;none&quot;}\" data-widget_type=\"elementskit-image-box.default\">\n\t\t\t\t<div class=\"elementor-widget-container\">\n\t\t\t\t\t<div class=\"ekit-wid-con\" >\n            <div class=\"elementskit-info-image-box ekit-image-box text-left style-sideline\" >\n\n                \n                <div class=\"elementskit-box-header image-box-img-left\">\n\n                    <img decoding=\"async\" width=\"768\" height=\"606\" src=\"https:\/\/topmontessoris.com\/wp-content\/uploads\/2025\/01\/preschool-seating-768x606.webp\" class=\"attachment-medium_large size-medium_large wp-image-8270\" alt=\"posti a sedere per la scuola materna\" srcset=\"https:\/\/topmontessoris.com\/wp-content\/uploads\/2025\/01\/preschool-seating-768x606.webp 768w, https:\/\/topmontessoris.com\/wp-content\/uploads\/2025\/01\/preschool-seating-300x237.webp 300w, https:\/\/topmontessoris.com\/wp-content\/uploads\/2025\/01\/preschool-seating.webp 950w\" sizes=\"(max-width: 768px) 100vw, 768px\" title=\"\">\n                <\/div>\n                \n                <div class=\"elementskit-box-body ekit-image-box-body\">\n                    <div class=\"elementskit-box-content ekit-image-box-body-inner\">\n                                                <h3 class=\"elementskit-info-box-title\">\n\n                        Sedie e sedute per la scuola dell'infanzia\n                        \n                    <\/h3>\n                                                            <div class=\"elementskit-box-style-content\">\n                        Sedie dal design ergonomico che offrono comfort e sostegno ai bambini, assicurando loro un&#039;esperienza di seduta sicura e piacevole in classe.                    <\/div>\n                                    <\/div>\n\n                                <div class=\"elementskit-box-footer\">\n                    <div class=\"box-footer\">\n                        <div class=\"btn-wraper\">\n                                                            <a href=\"#elementor-action%3Aaction%3Dpopup%3Aopen%26settings%3DeyJpZCI6IjQ0NzYiLCJ0b2dnbGUiOmZhbHNlfQ%3D%3D\" class=\"elementskit-btn whitespace--normal\">\n                                    \n                                    \n                                    Per saperne di pi\u00f9                                <\/a>\n                                                        <\/div>\n                    <\/div>\n                <\/div>\n                            <\/div>\n            <\/div>\n    <\/div>\t\t\t\t<\/div>\n\t\t\t\t<\/div>\n\t\t\t\t\t<\/div>\n\t\t<\/div>\n\t\t\t\t<div class=\"elementor-column elementor-col-25 elementor-inner-column elementor-element elementor-element-72f9f01\" data-id=\"72f9f01\" data-element_type=\"column\" data-e-type=\"column\">\n\t\t\t<div class=\"elementor-widget-wrap elementor-element-populated\">\n\t\t\t\t\t\t<div class=\"elementor-element elementor-element-5207fba ekit-equal-height-disable elementor-widget elementor-widget-elementskit-image-box\" data-id=\"5207fba\" data-element_type=\"widget\" data-e-type=\"widget\" data-settings=\"{&quot;ekit_we_effect_on&quot;:&quot;none&quot;}\" data-widget_type=\"elementskit-image-box.default\">\n\t\t\t\t<div class=\"elementor-widget-container\">\n\t\t\t\t\t<div class=\"ekit-wid-con\" >\n            <div class=\"elementskit-info-image-box ekit-image-box text-left style-sideline\" >\n\n                \n                <div class=\"elementskit-box-header image-box-img-left\">\n\n                    <img decoding=\"async\" width=\"768\" height=\"606\" src=\"https:\/\/topmontessoris.com\/wp-content\/uploads\/2025\/01\/Preschool-Storage-Cabinet-768x606.webp\" class=\"attachment-medium_large size-medium_large wp-image-8263\" alt=\"Contenitori e armadi per la scuola materna\" srcset=\"https:\/\/topmontessoris.com\/wp-content\/uploads\/2025\/01\/Preschool-Storage-Cabinet-768x606.webp 768w, https:\/\/topmontessoris.com\/wp-content\/uploads\/2025\/01\/Preschool-Storage-Cabinet-300x237.webp 300w, https:\/\/topmontessoris.com\/wp-content\/uploads\/2025\/01\/Preschool-Storage-Cabinet.webp 950w\" sizes=\"(max-width: 768px) 100vw, 768px\" title=\"\">\n                <\/div>\n                \n                <div class=\"elementskit-box-body ekit-image-box-body\">\n                    <div class=\"elementskit-box-content ekit-image-box-body-inner\">\n                                                <h3 class=\"elementskit-info-box-title\">\n\n                        Contenitori e armadietti per la scuola dell'infanzia\n                        \n                    <\/h3>\n                                                            <div class=\"elementskit-box-style-content\">\n                        Soluzioni resistenti per armadietti portaoggetti in classe che aiutano a mantenere l&#039;ordine, offrendo spazio per giocattoli, materiali didattici ed effetti personali, garantendo al contempo facile accesso e ordine.                    <\/div>\n                                    <\/div>\n\n                                <div class=\"elementskit-box-footer\">\n                    <div class=\"box-footer\">\n                        <div class=\"btn-wraper\">\n                                                            <a href=\"#elementor-action%3Aaction%3Dpopup%3Aopen%26settings%3DeyJpZCI6IjQ0NzYiLCJ0b2dnbGUiOmZhbHNlfQ%3D%3D\" class=\"elementskit-btn whitespace--normal\">\n                                    \n                                    \n                                    Per saperne di pi\u00f9                                <\/a>\n                                                        <\/div>\n                    <\/div>\n                <\/div>\n                            <\/div>\n            <\/div>\n    <\/div>\t\t\t\t<\/div>\n\t\t\t\t<\/div>\n\t\t\t\t\t<\/div>\n\t\t<\/div>\n\t\t\t\t<div class=\"elementor-column elementor-col-25 elementor-inner-column elementor-element elementor-element-4d26aec\" data-id=\"4d26aec\" data-element_type=\"column\" data-e-type=\"column\">\n\t\t\t<div class=\"elementor-widget-wrap elementor-element-populated\">\n\t\t\t\t\t\t<div class=\"elementor-element elementor-element-7b30fcc ekit-equal-height-disable elementor-widget elementor-widget-elementskit-image-box\" data-id=\"7b30fcc\" data-element_type=\"widget\" data-e-type=\"widget\" data-settings=\"{&quot;ekit_we_effect_on&quot;:&quot;none&quot;}\" data-widget_type=\"elementskit-image-box.default\">\n\t\t\t\t<div class=\"elementor-widget-container\">\n\t\t\t\t\t<div class=\"ekit-wid-con\" >\n            <div class=\"elementskit-info-image-box ekit-image-box text-left style-sideline\" >\n\n                \n                <div class=\"elementskit-box-header image-box-img-left\">\n\n                    <img loading=\"lazy\" decoding=\"async\" width=\"768\" height=\"606\" src=\"https:\/\/topmontessoris.com\/wp-content\/uploads\/2025\/01\/Preschool-Lockers-Cubbies-768x606.webp\" class=\"attachment-medium_large size-medium_large wp-image-8262\" alt=\"Armadietti e cubicoli per la scuola materna\" srcset=\"https:\/\/topmontessoris.com\/wp-content\/uploads\/2025\/01\/Preschool-Lockers-Cubbies-768x606.webp 768w, https:\/\/topmontessoris.com\/wp-content\/uploads\/2025\/01\/Preschool-Lockers-Cubbies-300x237.webp 300w, https:\/\/topmontessoris.com\/wp-content\/uploads\/2025\/01\/Preschool-Lockers-Cubbies.webp 950w\" sizes=\"(max-width: 768px) 100vw, 768px\" title=\"\">\n                <\/div>\n                \n                <div class=\"elementskit-box-body ekit-image-box-body\">\n                    <div class=\"elementskit-box-content ekit-image-box-body-inner\">\n                                                <h3 class=\"elementskit-info-box-title\">\n\n                        Armadietti e scomparti per la scuola dell'infanzia\n                        \n                    <\/h3>\n                                                            <div class=\"elementskit-box-style-content\">\n                        Armadietti e scomparti appositamente progettati per riporre cappotti, zaini e scarpe, aiutando i bambini a tenere i propri oggetti personali organizzati e facilmente accessibili, mantenendo al contempo uno spazio ordinato e senza disordine.                    <\/div>\n                                    <\/div>\n\n                                <div class=\"elementskit-box-footer\">\n                    <div class=\"box-footer\">\n                        <div class=\"btn-wraper\">\n                                                            <a href=\"#elementor-action%3Aaction%3Dpopup%3Aopen%26settings%3DeyJpZCI6IjQ0NzYiLCJ0b2dnbGUiOmZhbHNlfQ%3D%3D\" class=\"elementskit-btn whitespace--normal\">\n                                    \n                                    \n                                    Per saperne di pi\u00f9                                <\/a>\n                                                        <\/div>\n                    <\/div>\n                <\/div>\n                            <\/div>\n            <\/div>\n    <\/div>\t\t\t\t<\/div>\n\t\t\t\t<\/div>\n\t\t\t\t\t<\/div>\n\t\t<\/div>\n\t\t\t\t\t<\/div>\n\t\t<\/section>\n\t\t\t\t<section class=\"elementor-section elementor-inner-section elementor-element elementor-element-1bc4874 elementor-section-full_width elementor-section-height-default elementor-section-height-default\" data-id=\"1bc4874\" data-element_type=\"section\" data-e-type=\"section\" data-settings=\"{&quot;ekit_has_onepagescroll_dot&quot;:&quot;yes&quot;}\">\n\t\t\t\t\t\t<div class=\"elementor-container elementor-column-gap-default\">\n\t\t\t\t\t<div class=\"elementor-column elementor-col-25 elementor-inner-column elementor-element elementor-element-f50e2d6\" data-id=\"f50e2d6\" data-element_type=\"column\" data-e-type=\"column\">\n\t\t\t<div class=\"elementor-widget-wrap elementor-element-populated\">\n\t\t\t\t\t\t<div class=\"elementor-element elementor-element-69ad3f7 ekit-equal-height-disable elementor-widget elementor-widget-elementskit-image-box\" data-id=\"69ad3f7\" data-element_type=\"widget\" data-e-type=\"widget\" data-settings=\"{&quot;ekit_we_effect_on&quot;:&quot;none&quot;}\" data-widget_type=\"elementskit-image-box.default\">\n\t\t\t\t<div class=\"elementor-widget-container\">\n\t\t\t\t\t<div class=\"ekit-wid-con\" >\n            <div class=\"elementskit-info-image-box ekit-image-box text-left style-sideline\" >\n\n                \n                <div class=\"elementskit-box-header image-box-img-left\">\n\n                    <img loading=\"lazy\" decoding=\"async\" width=\"768\" height=\"606\" src=\"https:\/\/topmontessoris.com\/wp-content\/uploads\/2025\/01\/Preschool-Bookshelf-768x606.webp\" class=\"attachment-medium_large size-medium_large wp-image-8261\" alt=\"Scaffale per la scuola dell&#039;infanzia\" srcset=\"https:\/\/topmontessoris.com\/wp-content\/uploads\/2025\/01\/Preschool-Bookshelf-768x606.webp 768w, https:\/\/topmontessoris.com\/wp-content\/uploads\/2025\/01\/Preschool-Bookshelf-300x237.webp 300w, https:\/\/topmontessoris.com\/wp-content\/uploads\/2025\/01\/Preschool-Bookshelf.webp 950w\" sizes=\"(max-width: 768px) 100vw, 768px\" title=\"\">\n                <\/div>\n                \n                <div class=\"elementskit-box-body ekit-image-box-body\">\n                    <div class=\"elementskit-box-content ekit-image-box-body-inner\">\n                                                <h3 class=\"elementskit-info-box-title\">\n\n                        Scaffale per la scuola dell'infanzia\n                        \n                    <\/h3>\n                                                            <div class=\"elementskit-box-style-content\">\n                        Librerie e librerie per la scuola materna progettate per creare angoli lettura, incoraggiando l&#039;esplorazione e l&#039;amore per i libri. Perfette per un facile accesso a libri e materiali didattici in uno spazio accogliente e invitante.                    <\/div>\n                                    <\/div>\n\n                                <div class=\"elementskit-box-footer\">\n                    <div class=\"box-footer\">\n                        <div class=\"btn-wraper\">\n                                                            <a href=\"#elementor-action%3Aaction%3Dpopup%3Aopen%26settings%3DeyJpZCI6IjQ0NzYiLCJ0b2dnbGUiOmZhbHNlfQ%3D%3D\" class=\"elementskit-btn whitespace--normal\">\n                                    \n                                    \n                                    Per saperne di pi\u00f9                                <\/a>\n                                                        <\/div>\n                    <\/div>\n                <\/div>\n                            <\/div>\n            <\/div>\n    <\/div>\t\t\t\t<\/div>\n\t\t\t\t<\/div>\n\t\t\t\t\t<\/div>\n\t\t<\/div>\n\t\t\t\t<div class=\"elementor-column elementor-col-25 elementor-inner-column elementor-element elementor-element-c6f2d4d\" data-id=\"c6f2d4d\" data-element_type=\"column\" data-e-type=\"column\">\n\t\t\t<div class=\"elementor-widget-wrap elementor-element-populated\">\n\t\t\t\t\t\t<div class=\"elementor-element elementor-element-5c0bbd6 ekit-equal-height-disable elementor-widget elementor-widget-elementskit-image-box\" data-id=\"5c0bbd6\" data-element_type=\"widget\" data-e-type=\"widget\" data-settings=\"{&quot;ekit_we_effect_on&quot;:&quot;none&quot;}\" data-widget_type=\"elementskit-image-box.default\">\n\t\t\t\t<div class=\"elementor-widget-container\">\n\t\t\t\t\t<div class=\"ekit-wid-con\" >\n            <div class=\"elementskit-info-image-box ekit-image-box text-left style-sideline\" >\n\n                \n                <div class=\"elementskit-box-header image-box-img-left\">\n\n                    <img loading=\"lazy\" decoding=\"async\" width=\"768\" height=\"606\" src=\"https:\/\/topmontessoris.com\/wp-content\/uploads\/2025\/01\/Preschool-Art-Easel-768x606.webp\" class=\"attachment-medium_large size-medium_large wp-image-8266\" alt=\"Cavalletto artistico prescolare\" srcset=\"https:\/\/topmontessoris.com\/wp-content\/uploads\/2025\/01\/Preschool-Art-Easel-768x606.webp 768w, https:\/\/topmontessoris.com\/wp-content\/uploads\/2025\/01\/Preschool-Art-Easel-300x237.webp 300w, https:\/\/topmontessoris.com\/wp-content\/uploads\/2025\/01\/Preschool-Art-Easel.webp 950w\" sizes=\"(max-width: 768px) 100vw, 768px\" title=\"\">\n                <\/div>\n                \n                <div class=\"elementskit-box-body ekit-image-box-body\">\n                    <div class=\"elementskit-box-content ekit-image-box-body-inner\">\n                                                <h3 class=\"elementskit-info-box-title\">\n\n                        Cavalletto artistico prescolare\n                        \n                    <\/h3>\n                                                            <div class=\"elementskit-box-style-content\">\n                        Stimola la creativit\u00e0 con i cavalletti d&#039;arte flessibili per bambini in et\u00e0 prescolare, progettati per ispirare l&#039;espressione artistica e aiutare i bambini a sviluppare le capacit\u00e0 motorie fini attraverso il disegno e la pittura.                    <\/div>\n                                    <\/div>\n\n                                <div class=\"elementskit-box-footer\">\n                    <div class=\"box-footer\">\n                        <div class=\"btn-wraper\">\n                                                            <a href=\"#elementor-action%3Aaction%3Dpopup%3Aopen%26settings%3DeyJpZCI6IjQ0NzYiLCJ0b2dnbGUiOmZhbHNlfQ%3D%3D\" class=\"elementskit-btn whitespace--normal\">\n                                    \n                                    \n                                    Per saperne di pi\u00f9                                <\/a>\n                                                        <\/div>\n                    <\/div>\n                <\/div>\n                            <\/div>\n            <\/div>\n    <\/div>\t\t\t\t<\/div>\n\t\t\t\t<\/div>\n\t\t\t\t\t<\/div>\n\t\t<\/div>\n\t\t\t\t<div class=\"elementor-column elementor-col-25 elementor-inner-column elementor-element elementor-element-bd4e322\" data-id=\"bd4e322\" data-element_type=\"column\" data-e-type=\"column\">\n\t\t\t<div class=\"elementor-widget-wrap elementor-element-populated\">\n\t\t\t\t\t\t<div class=\"elementor-element elementor-element-3daef7d ekit-equal-height-disable elementor-widget elementor-widget-elementskit-image-box\" data-id=\"3daef7d\" data-element_type=\"widget\" data-e-type=\"widget\" data-settings=\"{&quot;ekit_we_effect_on&quot;:&quot;none&quot;}\" data-widget_type=\"elementskit-image-box.default\">\n\t\t\t\t<div class=\"elementor-widget-container\">\n\t\t\t\t\t<div class=\"ekit-wid-con\" >\n            <div class=\"elementskit-info-image-box ekit-image-box text-left style-sideline\" >\n\n                \n                <div class=\"elementskit-box-header image-box-img-left\">\n\n                    <img loading=\"lazy\" decoding=\"async\" width=\"768\" height=\"606\" src=\"https:\/\/topmontessoris.com\/wp-content\/uploads\/2025\/01\/Preschool-Soft-Play-768x606.webp\" class=\"attachment-medium_large size-medium_large wp-image-8265\" alt=\"Giochi morbidi per la scuola dell&#039;infanzia\" srcset=\"https:\/\/topmontessoris.com\/wp-content\/uploads\/2025\/01\/Preschool-Soft-Play-768x606.webp 768w, https:\/\/topmontessoris.com\/wp-content\/uploads\/2025\/01\/Preschool-Soft-Play-300x237.webp 300w, https:\/\/topmontessoris.com\/wp-content\/uploads\/2025\/01\/Preschool-Soft-Play.webp 950w\" sizes=\"(max-width: 768px) 100vw, 768px\" title=\"\">\n                <\/div>\n                \n                <div class=\"elementskit-box-body ekit-image-box-body\">\n                    <div class=\"elementskit-box-content ekit-image-box-body-inner\">\n                                                <h3 class=\"elementskit-info-box-title\">\n\n                        Giochi morbidi per la scuola dell'infanzia\n                        \n                    <\/h3>\n                                                            <div class=\"elementskit-box-style-content\">\n                        I nostri mobili morbidi da gioco promuovono lo sviluppo fisico e la coordinazione, migliorando le capacit\u00e0 motorie, le interazioni sociali e la curiosit\u00e0 in un ambiente sicuro e divertente.\n                    <\/div>\n                                    <\/div>\n\n                                <div class=\"elementskit-box-footer\">\n                    <div class=\"box-footer\">\n                        <div class=\"btn-wraper\">\n                                                            <a href=\"#elementor-action%3Aaction%3Dpopup%3Aopen%26settings%3DeyJpZCI6IjQ0NzYiLCJ0b2dnbGUiOmZhbHNlfQ%3D%3D\" class=\"elementskit-btn whitespace--normal\">\n                                    \n                                    \n                                    Per saperne di pi\u00f9                                <\/a>\n                                                        <\/div>\n                    <\/div>\n                <\/div>\n                            <\/div>\n            <\/div>\n    <\/div>\t\t\t\t<\/div>\n\t\t\t\t<\/div>\n\t\t\t\t\t<\/div>\n\t\t<\/div>\n\t\t\t\t<div class=\"elementor-column elementor-col-25 elementor-inner-column elementor-element elementor-element-797c67f\" data-id=\"797c67f\" data-element_type=\"column\" data-e-type=\"column\">\n\t\t\t<div class=\"elementor-widget-wrap elementor-element-populated\">\n\t\t\t\t\t\t<div class=\"elementor-element elementor-element-68e873e ekit-equal-height-disable elementor-widget elementor-widget-elementskit-image-box\" data-id=\"68e873e\" data-element_type=\"widget\" data-e-type=\"widget\" data-settings=\"{&quot;ekit_we_effect_on&quot;:&quot;none&quot;}\" data-widget_type=\"elementskit-image-box.default\">\n\t\t\t\t<div class=\"elementor-widget-container\">\n\t\t\t\t\t<div class=\"ekit-wid-con\" >\n            <div class=\"elementskit-info-image-box ekit-image-box text-left style-sideline\" >\n\n                \n                <div class=\"elementskit-box-header image-box-img-left\">\n\n                    <img loading=\"lazy\" decoding=\"async\" width=\"768\" height=\"606\" src=\"https:\/\/topmontessoris.com\/wp-content\/uploads\/2025\/01\/Preschool-dramatic-play-768x606.webp\" class=\"attachment-medium_large size-medium_large wp-image-8264\" alt=\"Gioco drammatico prescolare\" srcset=\"https:\/\/topmontessoris.com\/wp-content\/uploads\/2025\/01\/Preschool-dramatic-play-768x606.webp 768w, https:\/\/topmontessoris.com\/wp-content\/uploads\/2025\/01\/Preschool-dramatic-play-300x237.webp 300w, https:\/\/topmontessoris.com\/wp-content\/uploads\/2025\/01\/Preschool-dramatic-play.webp 950w\" sizes=\"(max-width: 768px) 100vw, 768px\" title=\"\">\n                <\/div>\n                \n                <div class=\"elementskit-box-body ekit-image-box-body\">\n                    <div class=\"elementskit-box-content ekit-image-box-body-inner\">\n                                                <h3 class=\"elementskit-info-box-title\">\n\n                        Gioco di ruolo prescolare\n                        \n                    <\/h3>\n                                                            <div class=\"elementskit-box-style-content\">\n                        I nostri mobili per giochi di ruolo e drammatici stimolano il gioco creativo, migliorando le abilit\u00e0 sociali e l&#039;intelligenza emotiva con design colorati e interattivi per mettere in scena scenari del mondo reale.                    <\/div>\n                                    <\/div>\n\n                                <div class=\"elementskit-box-footer\">\n                    <div class=\"box-footer\">\n                        <div class=\"btn-wraper\">\n                                                            <a href=\"#elementor-action%3Aaction%3Dpopup%3Aopen%26settings%3DeyJpZCI6IjQ0NzYiLCJ0b2dnbGUiOmZhbHNlfQ%3D%3D\" class=\"elementskit-btn whitespace--normal\">\n                                    \n                                    \n                                    Per saperne di pi\u00f9                                <\/a>\n                                                        <\/div>\n                    <\/div>\n                <\/div>\n                            <\/div>\n            <\/div>\n    <\/div>\t\t\t\t<\/div>\n\t\t\t\t<\/div>\n\t\t\t\t\t<\/div>\n\t\t<\/div>\n\t\t\t\t\t<\/div>\n\t\t<\/section>\n\t\t\t\t<section class=\"elementor-section elementor-inner-section elementor-element elementor-element-bfce3e0 elementor-section-full_width elementor-section-height-default elementor-section-height-default\" data-id=\"bfce3e0\" data-element_type=\"section\" data-e-type=\"section\" data-settings=\"{&quot;ekit_has_onepagescroll_dot&quot;:&quot;yes&quot;}\">\n\t\t\t\t\t\t<div class=\"elementor-container elementor-column-gap-default\">\n\t\t\t\t\t<div class=\"elementor-column elementor-col-25 elementor-inner-column elementor-element elementor-element-ee99ac6\" data-id=\"ee99ac6\" data-element_type=\"column\" data-e-type=\"column\">\n\t\t\t<div class=\"elementor-widget-wrap elementor-element-populated\">\n\t\t\t\t\t\t<div class=\"elementor-element elementor-element-06bc7aa ekit-equal-height-disable elementor-widget elementor-widget-elementskit-image-box\" data-id=\"06bc7aa\" data-element_type=\"widget\" data-e-type=\"widget\" data-settings=\"{&quot;ekit_we_effect_on&quot;:&quot;none&quot;}\" data-widget_type=\"elementskit-image-box.default\">\n\t\t\t\t<div class=\"elementor-widget-container\">\n\t\t\t\t\t<div class=\"ekit-wid-con\" >\n            <div class=\"elementskit-info-image-box ekit-image-box text-left style-sideline\" >\n\n                \n                <div class=\"elementskit-box-header image-box-img-left\">\n\n                    <img loading=\"lazy\" decoding=\"async\" width=\"950\" height=\"750\" src=\"https:\/\/topmontessoris.com\/wp-content\/uploads\/2025\/01\/Preschool-Carpet.webp\" class=\"attachment-full size-full wp-image-8269\" alt=\"Tappeto prescolare\" srcset=\"https:\/\/topmontessoris.com\/wp-content\/uploads\/2025\/01\/Preschool-Carpet.webp 950w, https:\/\/topmontessoris.com\/wp-content\/uploads\/2025\/01\/Preschool-Carpet-300x237.webp 300w, https:\/\/topmontessoris.com\/wp-content\/uploads\/2025\/01\/Preschool-Carpet-768x606.webp 768w\" sizes=\"(max-width: 950px) 100vw, 950px\" title=\"\">\n                <\/div>\n                \n                <div class=\"elementskit-box-body ekit-image-box-body\">\n                    <div class=\"elementskit-box-content ekit-image-box-body-inner\">\n                                                <h3 class=\"elementskit-info-box-title\">\n\n                        Tappeto prescolare\n                        \n                    <\/h3>\n                                                            <div class=\"elementskit-box-style-content\">\n                        I nostri tappeti per la scuola materna sono progettati per gli ambienti della prima infanzia. Offrono resistenza, sicurezza e comfort, perfetti per diverse attivit\u00e0 e facili da pulire e manutenere.                    <\/div>\n                                    <\/div>\n\n                                <div class=\"elementskit-box-footer\">\n                    <div class=\"box-footer\">\n                        <div class=\"btn-wraper\">\n                                                            <a href=\"#elementor-action%3Aaction%3Dpopup%3Aopen%26settings%3DeyJpZCI6IjQ0NzYiLCJ0b2dnbGUiOmZhbHNlfQ%3D%3D\" class=\"elementskit-btn whitespace--normal\">\n                                    \n                                    \n                                    Per saperne di pi\u00f9                                <\/a>\n                                                        <\/div>\n                    <\/div>\n                <\/div>\n                            <\/div>\n            <\/div>\n    <\/div>\t\t\t\t<\/div>\n\t\t\t\t<\/div>\n\t\t\t\t\t<\/div>\n\t\t<\/div>\n\t\t\t\t<div class=\"elementor-column elementor-col-25 elementor-inner-column elementor-element elementor-element-d1d8ea7\" data-id=\"d1d8ea7\" data-element_type=\"column\" data-e-type=\"column\">\n\t\t\t<div class=\"elementor-widget-wrap elementor-element-populated\">\n\t\t\t\t\t\t<div class=\"elementor-element elementor-element-936201c ekit-equal-height-disable elementor-widget elementor-widget-elementskit-image-box\" data-id=\"936201c\" data-element_type=\"widget\" data-e-type=\"widget\" data-settings=\"{&quot;ekit_we_effect_on&quot;:&quot;none&quot;}\" data-widget_type=\"elementskit-image-box.default\">\n\t\t\t\t<div class=\"elementor-widget-container\">\n\t\t\t\t\t<div class=\"ekit-wid-con\" >\n            <div class=\"elementskit-info-image-box ekit-image-box text-left style-sideline\" >\n\n                \n                <div class=\"elementskit-box-header image-box-img-left\">\n\n                    <img loading=\"lazy\" decoding=\"async\" width=\"768\" height=\"606\" src=\"https:\/\/topmontessoris.com\/wp-content\/uploads\/2025\/01\/Preschool-Cots-768x606.webp\" class=\"attachment-medium_large size-medium_large wp-image-8268\" alt=\"Culle per la scuola dell&#039;infanzia\" srcset=\"https:\/\/topmontessoris.com\/wp-content\/uploads\/2025\/01\/Preschool-Cots-768x606.webp 768w, https:\/\/topmontessoris.com\/wp-content\/uploads\/2025\/01\/Preschool-Cots-300x237.webp 300w, https:\/\/topmontessoris.com\/wp-content\/uploads\/2025\/01\/Preschool-Cots.webp 950w\" sizes=\"(max-width: 768px) 100vw, 768px\" title=\"\">\n                <\/div>\n                \n                <div class=\"elementskit-box-body ekit-image-box-body\">\n                    <div class=\"elementskit-box-content ekit-image-box-body-inner\">\n                                                <h3 class=\"elementskit-info-box-title\">\n\n                        Lettini e culle per bambini in et\u00e0 prescolare\n                        \n                    <\/h3>\n                                                            <div class=\"elementskit-box-style-content\">\n                        I nostri lettini prescolari, le nostre culle e le nostre soluzioni convenienti offrono ai bambini uno spazio sicuro e confortevole in cui riposare, progettati per durare a lungo, essere facili da pulire e creare un ambiente igienico per dormire.                    <\/div>\n                                    <\/div>\n\n                                <div class=\"elementskit-box-footer\">\n                    <div class=\"box-footer\">\n                        <div class=\"btn-wraper\">\n                                                            <a href=\"#elementor-action%3Aaction%3Dpopup%3Aopen%26settings%3DeyJpZCI6IjQ0NzYiLCJ0b2dnbGUiOmZhbHNlfQ%3D%3D\" class=\"elementskit-btn whitespace--normal\">\n                                    \n                                    \n                                    Per saperne di pi\u00f9                                <\/a>\n                                                        <\/div>\n                    <\/div>\n                <\/div>\n                            <\/div>\n            <\/div>\n    <\/div>\t\t\t\t<\/div>\n\t\t\t\t<\/div>\n\t\t\t\t\t<\/div>\n\t\t<\/div>\n\t\t\t\t<div class=\"elementor-column elementor-col-25 elementor-inner-column elementor-element elementor-element-39d2076\" data-id=\"39d2076\" data-element_type=\"column\" data-e-type=\"column\">\n\t\t\t<div class=\"elementor-widget-wrap elementor-element-populated\">\n\t\t\t\t\t\t<div class=\"elementor-element elementor-element-5b68abe ekit-equal-height-disable elementor-widget elementor-widget-elementskit-image-box\" data-id=\"5b68abe\" data-element_type=\"widget\" data-e-type=\"widget\" data-settings=\"{&quot;ekit_we_effect_on&quot;:&quot;none&quot;}\" data-widget_type=\"elementskit-image-box.default\">\n\t\t\t\t<div class=\"elementor-widget-container\">\n\t\t\t\t\t<div class=\"ekit-wid-con\" >\n            <div class=\"elementskit-info-image-box ekit-image-box text-left style-sideline\" >\n\n                \n                <div class=\"elementskit-box-header image-box-img-left\">\n\n                    <img loading=\"lazy\" decoding=\"async\" width=\"768\" height=\"606\" src=\"https:\/\/topmontessoris.com\/wp-content\/uploads\/2025\/01\/Preschool-Changing-Table-Preschool-Furniture-768x606.webp\" class=\"attachment-medium_large size-medium_large wp-image-8275\" alt=\"Fasciatoio per bambini in et\u00e0 prescolare - Mobili per bambini in et\u00e0 prescolare\" srcset=\"https:\/\/topmontessoris.com\/wp-content\/uploads\/2025\/01\/Preschool-Changing-Table-Preschool-Furniture-768x606.webp 768w, https:\/\/topmontessoris.com\/wp-content\/uploads\/2025\/01\/Preschool-Changing-Table-Preschool-Furniture-300x237.webp 300w, https:\/\/topmontessoris.com\/wp-content\/uploads\/2025\/01\/Preschool-Changing-Table-Preschool-Furniture.webp 950w\" sizes=\"(max-width: 768px) 100vw, 768px\" title=\"\">\n                <\/div>\n                \n                <div class=\"elementskit-box-body ekit-image-box-body\">\n                    <div class=\"elementskit-box-content ekit-image-box-body-inner\">\n                                                <h3 class=\"elementskit-info-box-title\">\n\n                        Fasciatoio per bambini in et\u00e0 prescolare\n                        \n                    <\/h3>\n                                                            <div class=\"elementskit-box-style-content\">\n                        I nostri fasciatoi offrono una soluzione sicura e pratica per il cambio del pannolino. Sono dotati di superfici facili da pulire e di un design studiato per garantire comfort e igiene a insegnanti e bambini.                    <\/div>\n                                    <\/div>\n\n                                <div class=\"elementskit-box-footer\">\n                    <div class=\"box-footer\">\n                        <div class=\"btn-wraper\">\n                                                            <a href=\"#elementor-action%3Aaction%3Dpopup%3Aopen%26settings%3DeyJpZCI6IjQ0NzYiLCJ0b2dnbGUiOmZhbHNlfQ%3D%3D\" class=\"elementskit-btn whitespace--normal\">\n                                    \n                                    \n                                    Per saperne di pi\u00f9                                <\/a>\n                                                        <\/div>\n                    <\/div>\n                <\/div>\n                            <\/div>\n            <\/div>\n    <\/div>\t\t\t\t<\/div>\n\t\t\t\t<\/div>\n\t\t\t\t\t<\/div>\n\t\t<\/div>\n\t\t\t\t<div class=\"elementor-column elementor-col-25 elementor-inner-column elementor-element elementor-element-18527da\" data-id=\"18527da\" data-element_type=\"column\" data-e-type=\"column\">\n\t\t\t<div class=\"elementor-widget-wrap elementor-element-populated\">\n\t\t\t\t\t\t<div class=\"elementor-element elementor-element-de05d53 ekit-equal-height-disable elementor-widget elementor-widget-elementskit-image-box\" data-id=\"de05d53\" data-element_type=\"widget\" data-e-type=\"widget\" data-settings=\"{&quot;ekit_we_effect_on&quot;:&quot;none&quot;}\" data-widget_type=\"elementskit-image-box.default\">\n\t\t\t\t<div class=\"elementor-widget-container\">\n\t\t\t\t\t<div class=\"ekit-wid-con\" >\n            <div class=\"elementskit-info-image-box ekit-image-box text-left style-sideline\" >\n\n                \n                <div class=\"elementskit-box-header image-box-img-left\">\n\n                    <img loading=\"lazy\" decoding=\"async\" width=\"768\" height=\"606\" src=\"https:\/\/topmontessoris.com\/wp-content\/uploads\/2025\/01\/Preschool-Indoor-Playground-768x606.webp\" class=\"attachment-medium_large size-medium_large wp-image-8267\" alt=\"Parco giochi interno alla scuola dell&#039;infanzia\" srcset=\"https:\/\/topmontessoris.com\/wp-content\/uploads\/2025\/01\/Preschool-Indoor-Playground-768x606.webp 768w, https:\/\/topmontessoris.com\/wp-content\/uploads\/2025\/01\/Preschool-Indoor-Playground-300x237.webp 300w, https:\/\/topmontessoris.com\/wp-content\/uploads\/2025\/01\/Preschool-Indoor-Playground.webp 950w\" sizes=\"(max-width: 768px) 100vw, 768px\" title=\"\">\n                <\/div>\n                \n                <div class=\"elementskit-box-body ekit-image-box-body\">\n                    <div class=\"elementskit-box-content ekit-image-box-body-inner\">\n                                                <h3 class=\"elementskit-info-box-title\">\n\n                        Parco giochi interno alla scuola dell'infanzia\n                        \n                    <\/h3>\n                                                            <div class=\"elementskit-box-style-content\">\n                        I nostri parchi giochi al coperto offrono ai bambini uno spazio sicuro dove esplorare, giocare e interagire. Promuovono le capacit\u00e0 motorie e le interazioni sociali, stimolando la creativit\u00e0 e l&#039;attivit\u00e0 fisica.                    <\/div>\n                                    <\/div>\n\n                                <div class=\"elementskit-box-footer\">\n                    <div class=\"box-footer\">\n                        <div class=\"btn-wraper\">\n                                                            <a href=\"#elementor-action%3Aaction%3Dpopup%3Aopen%26settings%3DeyJpZCI6IjQ0NzYiLCJ0b2dnbGUiOmZhbHNlfQ%3D%3D\" class=\"elementskit-btn whitespace--normal\">\n                                    \n                                    \n                                    Per saperne di pi\u00f9                                <\/a>\n                                                        <\/div>\n                    <\/div>\n                <\/div>\n                            <\/div>\n            <\/div>\n    <\/div>\t\t\t\t<\/div>\n\t\t\t\t<\/div>\n\t\t\t\t\t<\/div>\n\t\t<\/div>\n\t\t\t\t\t<\/div>\n\t\t<\/section>\n\t\t\t\t\t<\/div>\n\t\t<\/div>\n\t\t\t\t\t<\/div>\n\t\t<\/section>\n\t\t\t\t<\/div>","protected":false},"excerpt":{"rendered":"<p>Home Preschool Furniture Preschool Furniture Explore the latest in preschool education, innovative classroom designs, and top-quality furniture and toys with TOP Montessoris. Preschool Classroom Furniture Explore Premium Preschool Furniture Discover high-quality Preschool Classroom Furniture, including chairs, tables, shelves, lockers, cabinets, and more, tailored to create inspiring and functional preschool learning environments. Preschool Tables &amp; Desks [&hellip;]<\/p>\n","protected":false},"author":1,"featured_media":0,"parent":0,"menu_order":0,"comment_status":"closed","ping_status":"closed","template":"","meta":{"footnotes":""},"class_list":["post-1092","page","type-page","status-publish","hentry"],"_links":{"self":[{"href":"https:\/\/topmontessoris.com\/it\/wp-json\/wp\/v2\/pages\/1092","targetHints":{"allow":["GET"]}}],"collection":[{"href":"https:\/\/topmontessoris.com\/it\/wp-json\/wp\/v2\/pages"}],"about":[{"href":"https:\/\/topmontessoris.com\/it\/wp-json\/wp\/v2\/types\/page"}],"author":[{"embeddable":true,"href":"https:\/\/topmontessoris.com\/it\/wp-json\/wp\/v2\/users\/1"}],"replies":[{"embeddable":true,"href":"https:\/\/topmontessoris.com\/it\/wp-json\/wp\/v2\/comments?post=1092"}],"version-history":[{"count":0,"href":"https:\/\/topmontessoris.com\/it\/wp-json\/wp\/v2\/pages\/1092\/revisions"}],"wp:attachment":[{"href":"https:\/\/topmontessoris.com\/it\/wp-json\/wp\/v2\/media?parent=1092"}],"curies":[{"name":"wp","href":"https:\/\/api.w.org\/{rel}","templated":true}]}}